{"id":2107,"date":"2021-10-20T17:07:30","date_gmt":"2021-10-20T15:07:30","guid":{"rendered":"https:\/\/www.comverga.com\/pol\/?page_id=2107"},"modified":"2022-01-19T09:37:18","modified_gmt":"2022-01-19T08:37:18","slug":"praca","status":"publish","type":"page","link":"https:\/\/www.comverga.com\/pol\/cs\/praca\/","title":{"rendered":"Pr\u00e1ce"},"content":{"rendered":"<div data-elementor-type=\"wp-page\" data-elementor-id=\"2107\" class=\"elementor elementor-2107\">\n\t\t\t\t\t\t\t\t\t<section class=\"elementor-section elementor-top-section elementor-element elementor-element-1144c806 elementor-section-stretched elementor-section-boxed elementor-section-height-default elementor-section-height-default\" data-id=\"1144c806\" data-element_type=\"section\" data-settings=\"{&quot;stretch_section&quot;:&quot;section-stretched&quot;,&quot;background_background&quot;:&quot;classic&quot;}\">\n\t\t\t\t\t\t<div class=\"elementor-container elementor-column-gap-default\">\n\t\t\t\t\t<div class=\"elementor-column elementor-col-100 elementor-top-column elementor-element elementor-element-b1cb4ac\" data-id=\"b1cb4ac\" data-element_type=\"column\">\n\t\t\t<div class=\"elementor-widget-wrap elementor-element-populated\">\n\t\t\t\t\t\t\t\t<div class=\"elementor-element elementor-element-9549a7c premium-header-inline premium-lq__none premium-box-lq__none elementor-widget elementor-widget-premium-addon-dual-header\" data-id=\"9549a7c\" data-element_type=\"widget\" data-widget_type=\"premium-addon-dual-header.default\">\n\t\t\t\t<div class=\"elementor-widget-container\">\n\t\t\t\r\n\t\t\t\t\t<h2 class=\"premium-dual-header-first-header\"><span class=\"premium-dual-header-first-span\">11\/01\/2022 <\/span><span class=\"premium-dual-header-second-header\">Key Account Manager \/ m\u00edsto v\u00fdkonu pr\u00e1ce: Var\u0161ava<\/span><\/h2> \t\t\r\n\t\t\t\t<\/div>\n\t\t\t\t<\/div>\n\t\t\t\t<div class=\"elementor-element elementor-element-2a583fc elementor-widget-divider--view-line elementor-widget elementor-widget-divider\" data-id=\"2a583fc\" data-element_type=\"widget\" data-widget_type=\"divider.default\">\n\t\t\t\t<div class=\"elementor-widget-container\">\n\t\t\t\t\t<div class=\"elementor-divider\">\n\t\t\t<span class=\"elementor-divider-separator\">\n\t\t\t\t\t\t<\/span>\n\t\t<\/div>\n\t\t\t\t<\/div>\n\t\t\t\t<\/div>\n\t\t\t\t<div class=\"elementor-element elementor-element-19d7b686 elementor-widget elementor-widget-text-editor\" data-id=\"19d7b686\" data-element_type=\"widget\" data-widget_type=\"text-editor.default\">\n\t\t\t\t<div class=\"elementor-widget-container\">\n\t\t\t\t\t\t\t<h4>V sou\u010dasn\u00e9 dob\u011b hled\u00e1me do t\u00fdmu novou posilu, kter\u00e1 bude zodpov\u011bdn\u00e1 za aktivn\u00ed prodej \u0159e\u0161en\u00ed COMVERGA, \u00fazkou spolupr\u00e1ci se z\u00e1kazn\u00edky a rozvoj nov\u00fdch produkt\u016f a sm\u011br\u016f prodeje v Polsku.<\/h4>\n<h5><strong>Mezi povinnosti dr\u017eitele pracovn\u00edho m\u00edsta pat\u0159\u00ed: <\/strong><\/h5>\n<ul>\n<li>z\u00edsk\u00e1v\u00e1n\u00ed nov\u00fdch klient\u016f pro pou\u017e\u00edv\u00e1n\u00ed \u0159e\u0161en\u00ed COMVERGA.<\/li>\n<li>Pl\u00e1nov\u00e1n\u00ed a realizace rozpo\u010dtovan\u00fdch prodejn\u00edch c\u00edl\u016f v p\u0159id\u011blen\u00fdch skupin\u00e1ch z\u00e1kazn\u00edk\u016f a segmentech trhu,<\/li>\n<li>Aktivn\u011b se pod\u00edlet na p\u0159\u00edprav\u011b strategie a pl\u00e1nov\u00e1n\u00ed \u010dinnost\u00ed v r\u00e1mci p\u0159\u00edpravy strategie prodeje.<\/li>\n<li>pr\u016fb\u011b\u017en\u00e1 spolupr\u00e1ce s klienty s c\u00edlem maximalizovat p\u0159\u00edjmy z realizovan\u00fdch slu\u017eeb a prodeje dopl\u0148kov\u00fdch produkt\u016f.<\/li>\n<li>schopnost efektivn\u011b analyzovat pot\u0159eby z\u00e1kazn\u00edk\u016f a vyb\u00edrat spr\u00e1vn\u00e1 \u0159e\u0161en\u00ed z na\u0161eho portfolia.<\/li>\n<li>schopnost oslovovat lidi na v\u0161ech \u00farovn\u00edch organizace a budovat obchodn\u00ed vztahy.<\/li>\n<li>samostatn\u011b vyhled\u00e1vat, nab\u00edzet a realizovat nov\u00e9 prodejn\u00ed p\u0159\u00edle\u017eitosti.<\/li>\n<li>aktivn\u00ed \u00fa\u010dast na procesu prodeje a dohled nad realizac\u00ed obchodn\u00edch smluv.<\/li>\n<li>efektivn\u00ed vyjedn\u00e1v\u00e1n\u00ed, vyjas\u0148ov\u00e1n\u00ed dohod a formalizace smluv.<\/li>\n<li>schopnost p\u0159ipravovat a v\u00e9st prezentace a obchodn\u00ed jedn\u00e1n\u00ed.<\/li>\n<li>prov\u00e1d\u011bn\u00ed marketingov\u00fdch aktivit p\u0159ipraven\u00fdch v r\u00e1mci marketingov\u00e9 strategie, kter\u00e9 podstatn\u011b p\u0159isp\u00edvaj\u00ed k jej\u00edmu rozvoji.<\/li>\n<li>podpora pozitivn\u00edho a profesion\u00e1ln\u00edho obrazu spole\u010dnosti mezi z\u00e1kazn\u00edky a kolegy.<\/li>\n<li>pr\u016fb\u011b\u017en\u00e9 sledov\u00e1n\u00ed a anal\u00fdza trhu a aktivit konkurent\u016f.<\/li>\n<li>Pravideln\u00e9 pod\u00e1v\u00e1n\u00ed zpr\u00e1v o stavu projekt\u016f a \u00fa\u010dinc\u00edch zaveden\u00fdch \u0159e\u0161en\u00ed, spr\u00e1va z\u00e1kaznick\u00e9 z\u00e1kladny.<\/li>\n<\/ul>\n<p><strong>Po\u017eadavky: <\/strong><\/p>\n<ul>\n<li>alespo\u0148 5 let zku\u0161enost\u00ed na pozici mana\u017eera prodeje nebo mana\u017eera kl\u00ed\u010dov\u00fdch z\u00e1kazn\u00edk\u016f.<\/li>\n<li>nezbytn\u00e9 zku\u0161enosti nebo obecn\u00e9 znalosti v oblasti prodeje softwarov\u00fdch \u0159e\u0161en\u00ed nebo IT \u010di telekomunika\u010dn\u00edch slu\u017eeb.<\/li>\n<li>aktivn\u00ed vztahy ve vlastn\u00ed obchodn\u00ed s\u00edti, v\u010detn\u011b kontakt\u016f v oboru.<\/li>\n<li>zku\u0161enosti s veden\u00edm prodejn\u00edch aktivit, prodejn\u00edmi rozhovory, vyjedn\u00e1v\u00e1n\u00edm, tvorbou nab\u00eddek a cenov\u00fdch kalkulac\u00ed - prokazateln\u00e9 \u00fasp\u011bchy v prodeji.<\/li>\n<li>samostatn\u00e9 pl\u00e1nov\u00e1n\u00ed prodejn\u00edch aktivit v \u010dasov\u00e9m horizontu.<\/li>\n<li>snadn\u00e9 navazov\u00e1n\u00ed a rozv\u00edjen\u00ed obchodn\u00edch vztah\u016f<\/li>\n<li>znalost anglick\u00e9ho jazyka (mluven\u00e9ho i psan\u00e9ho).<\/li>\n<li>vynikaj\u00edc\u00ed interperson\u00e1ln\u00ed a komunika\u010dn\u00ed dovednosti<\/li>\n<li>Samostatnost, vytrvalost a orientace na v\u00fdsledky.<\/li>\n<li>dobr\u00e1 organizace pr\u00e1ce a schopnost \u0159\u00eddit procesy<\/li>\n<li>technologick\u00e9 z\u00e1jmy\/n\u00e1ro\u010dnost\/zdatnost (v\u00edt\u00e1no)<\/li>\n<\/ul>\n<p><strong>Nab\u00edz\u00edme:<\/strong><\/p>\n<ul>\n<li>stabiln\u00ed pr\u00e1ci v dynamick\u00e9 mezin\u00e1rodn\u00ed technologick\u00e9 spole\u010dnosti<\/li>\n<li>mo\u017enost zvy\u0161ovat si kvalifikaci, vyb\u00edrat si \u0161kolen\u00ed a p\u0159ij\u00edmat zaj\u00edmav\u00e9 profesn\u00ed v\u00fdzvy.<\/li>\n<li>mo\u017enost zvolit si vhodnou formu zam\u011bstn\u00e1n\u00ed<\/li>\n<li>hybridn\u00ed pracovn\u00ed syst\u00e9m<\/li>\n<li>odm\u011bna sest\u00e1vaj\u00edc\u00ed ze z\u00e1kladn\u00edho platu a provize za v\u00fdkon.<\/li>\n<li>z\u00e1kladn\u00ed pracovn\u00ed pom\u016fcky, zdravotn\u00ed bal\u00ed\u010dek, z\u00e1vodn\u00ed stravov\u00e1n\u00ed a kreativn\u00ed a p\u0159\u00e1telskou pracovn\u00ed atmosf\u00e9ru.<\/li>\n<\/ul>\n<p><strong>Kontaktujte n\u00e1s pros\u00edm p\u0159\u00edmo e-mailem:<\/strong> <a href=\"mailto:praca@comverga.com\">praca@comverga.com<\/a><\/p>\n<p><!-- \/wp:paragraph --><\/p>\t\t\t\t\t\t<\/div>\n\t\t\t\t<\/div>\n\t\t\t\t<div class=\"elementor-element elementor-element-5028d27 elementor-widget-divider--view-line elementor-widget elementor-widget-divider\" data-id=\"5028d27\" data-element_type=\"widget\" data-widget_type=\"divider.default\">\n\t\t\t\t<div class=\"elementor-widget-container\">\n\t\t\t\t\t<div class=\"elementor-divider\">\n\t\t\t<span class=\"elementor-divider-separator\">\n\t\t\t\t\t\t<\/span>\n\t\t<\/div>\n\t\t\t\t<\/div>\n\t\t\t\t<\/div>\n\t\t\t\t<div class=\"elementor-element elementor-element-3e292ed premium-header-inline premium-lq__none premium-box-lq__none elementor-widget elementor-widget-premium-addon-dual-header\" data-id=\"3e292ed\" data-element_type=\"widget\" data-widget_type=\"premium-addon-dual-header.default\">\n\t\t\t\t<div class=\"elementor-widget-container\">\n\t\t\t\r\n\t\t\t\t\t<h2 class=\"premium-dual-header-first-header\"><span class=\"premium-dual-header-first-span\">20\/10\/2021 <\/span><span class=\"premium-dual-header-second-header\">Projektov\u00fd mana\u017eer<\/span><\/h2> \t\t\r\n\t\t\t\t<\/div>\n\t\t\t\t<\/div>\n\t\t\t\t<div class=\"elementor-element elementor-element-f8c3990 elementor-widget-divider--view-line elementor-widget elementor-widget-divider\" data-id=\"f8c3990\" data-element_type=\"widget\" data-widget_type=\"divider.default\">\n\t\t\t\t<div class=\"elementor-widget-container\">\n\t\t\t\t\t<div class=\"elementor-divider\">\n\t\t\t<span class=\"elementor-divider-separator\">\n\t\t\t\t\t\t<\/span>\n\t\t<\/div>\n\t\t\t\t<\/div>\n\t\t\t\t<\/div>\n\t\t\t\t<div class=\"elementor-element elementor-element-8021590 elementor-widget elementor-widget-text-editor\" data-id=\"8021590\" data-element_type=\"widget\" data-widget_type=\"text-editor.default\">\n\t\t\t\t<div class=\"elementor-widget-container\">\n\t\t\t\t\t\t\t<p><!-- wp:paragraph --><\/p>\n<h4>V sou\u010dasn\u00e9 dob\u011b hled\u00e1me kandid\u00e1ta na pozici <strong>Vedouc\u00ed projektu.<\/strong><\/h4>\n<h5><strong><br \/>Osoba na t\u00e9to pozici:<br \/><\/strong><\/h5>\n<ul>\n<li>vede projekty v technologick\u00e9m odv\u011btv\u00ed, nejl\u00e9pe v oblasti v\u00fdvoje softwaru.<\/li>\n<li>je po\u0159\u00e1dn\u00fd, v\u011bnuje pozornost detail\u016fm<\/li>\n<li>um\u00ed pou\u017e\u00edvat po\u010d\u00edta\u010dov\u00e9 aplikace pro komunikaci, pl\u00e1nov\u00e1n\u00ed, kalend\u00e1\u0159 a spr\u00e1vu \u00fakol\u016f.<\/li>\n<li>zn\u00e1 principy v\u00fdvoje webov\u00fdch aplikac\u00ed, front- a back-end architektura mu nen\u00ed ciz\u00ed.<\/li>\n<li>m\u00e1 dobrou znalost mluven\u00e9 a psan\u00e9 angli\u010dtiny.<\/li>\n<li>chce r\u016fst v mal\u00e9m rodinn\u00e9m podniku.<\/li>\n<li>cen\u00ed si poctivosti, neboj\u00ed se rozhodovat v r\u00e1mci zadan\u00fdch \u00fakol\u016f, hled\u00e1 \u0159e\u0161en\u00ed probl\u00e9m\u016f, kter\u00e9 nevznikaj\u00ed.<\/li>\n<\/ul>\n<p><strong>Typick\u00e9 \u00fakoly kandid\u00e1ta:<\/strong><\/p>\n<ul>\n<li>prezentace \u0159e\u0161en\u00ed a slu\u017eeb z\u00e1kazn\u00edk\u016fm<\/li>\n<li>\u00fa\u010dast na testech nov\u00fdch slu\u017eeb<\/li>\n<li>udr\u017eov\u00e1n\u00ed vztah\u016f s technick\u00fdmi t\u00fdmy<\/li>\n<li>\u00fa\u010dastnit se zaj\u00edmav\u00fdch diskus\u00ed o nov\u00fdch slu\u017eb\u00e1ch, trendech a v\u00fdvoji.<\/li>\n<\/ul>\n<p><strong>Nab\u00edz\u00edme:<\/strong><\/p>\n<ul>\n<li>stabiln\u00ed zam\u011bstn\u00e1n\u00ed v mezin\u00e1rodn\u00ed technologick\u00e9 spole\u010dnosti<\/li>\n<li>mo\u017enost zvy\u0161ovat si kvalifikaci a p\u0159ij\u00edmat zaj\u00edmav\u00e9 profesn\u00ed v\u00fdzvy.<\/li>\n<li>mo\u017enost zvolit si vhodnou formu zam\u011bstn\u00e1n\u00ed<\/li>\n<li>z\u00e1kladn\u00ed pracovn\u00ed pom\u016fcky, zdravotn\u00ed bal\u00ed\u010dek, z\u00e1vodn\u00ed stravov\u00e1n\u00ed a kreativn\u00ed a p\u0159\u00e1telskou pracovn\u00ed atmosf\u00e9ru.<\/li>\n<li>p\u0159\u00edstup do odpo\u010dinkov\u00e9 m\u00edstnosti,<\/li>\n<li>V\u00fdhodn\u00e9 um\u00edst\u011bn\u00ed kancel\u00e1\u0159e v bl\u00edzkosti stanice metra<\/li>\n<li>mo\u017enost v\u00fdb\u011bru extern\u00edho \u0161kolen\u00ed<\/li>\n<\/ul>\n<p><strong>Kontaktujte n\u00e1s pros\u00edm p\u0159\u00edmo e-mailem:<\/strong> <a href=\"mailto:piotr.herman@comverga.com\">piotr.herman@comverga.com<\/a><\/p>\n<p><!-- \/wp:paragraph --><\/p>\t\t\t\t\t\t<\/div>\n\t\t\t\t<\/div>\n\t\t\t\t\t<\/div>\n\t\t<\/div>\n\t\t\t\t\t\t\t<\/div>\n\t\t<\/section>\n\t\t\t\t\t\t\t<\/div>","protected":false},"excerpt":{"rendered":"<p>11\/01\/2022 Key Account Manager \/ m\u00edsto v\u00fdkonu pr\u00e1ce: V sou\u010dasn\u00e9 dob\u011b hled\u00e1me do t\u00fdmu novou posilu, kter\u00e1 bude zodpov\u011bdn\u00e1 za aktivn\u00ed prodej \u0159e\u0161en\u00ed COMVERGA, \u00fazkou spolupr\u00e1ci se Z\u00e1kazn\u00edky a rozvoj nov\u00fdch produkt\u016f a prodejn\u00edch sm\u011br\u016f v Polsku Mezi povinnosti p\u0159ijat\u00e9 osoby bude pat\u0159it: z\u00edsk\u00e1v\u00e1n\u00ed nov\u00fdch Z\u00e1kazn\u00edk\u016f pro pou\u017e\u00edv\u00e1n\u00ed \u0159e\u0161en\u00ed COMVERGA pl\u00e1nov\u00e1n\u00ed a realizace rozpo\u010dtovan\u00fdch [...]<\/p>","protected":false},"author":4,"featured_media":145,"parent":0,"menu_order":0,"comment_status":"closed","ping_status":"closed","template":"","meta":{"footnotes":""},"yoast_head":"<!-- This site is optimized with the Yoast SEO plugin v21.6 - https:\/\/yoast.com\/wordpress\/plugins\/seo\/ -->\n<title>Praca - COMVERGA Poland<\/title>\n<meta name=\"robots\" content=\"index, follow, max-snippet:-1, max-image-preview:large, max-video-preview:-1\" \/>\n<link rel=\"canonical\" href=\"https:\/\/www.comverga.com\/pol\/cs\/praca\/\" \/>\n<meta property=\"og:locale\" content=\"cs_CZ\" \/>\n<meta property=\"og:type\" content=\"article\" \/>\n<meta property=\"og:title\" content=\"Praca - COMVERGA Poland\" \/>\n<meta property=\"og:description\" content=\"11\/01\/2022 Key Account Manager \/ miejsce pracy: Warszawa Obecnie poszukujemy nowej osoby do zespo\u0142u, kt\u00f3ra b\u0119dzie odpowiada\u0142a za aktywn\u0105 sprzeda\u017c rozwi\u0105za\u0144 COMVERGA, \u015bcis\u0142\u0105 wsp\u00f3\u0142prac\u0119 z Klientami oraz rozw\u00f3j nowych produkt\u00f3w i kierunk\u00f3w sprzeda\u017cy w Polsce Do obowi\u0105zk\u00f3w osoby zatrudnionej b\u0119dzie nale\u017ca\u0142o: pozyskiwanie nowych Klient\u00f3w do korzystania z rozwi\u0105za\u0144 COMVERGA planowanie i realizacja za\u0142o\u017conych w bud\u017cecie [&hellip;]\" \/>\n<meta property=\"og:url\" content=\"https:\/\/www.comverga.com\/pol\/cs\/praca\/\" \/>\n<meta property=\"og:site_name\" content=\"COMVERGA Poland\" \/>\n<meta property=\"article:modified_time\" content=\"2022-01-19T08:37:18+00:00\" \/>\n<meta property=\"og:image\" content=\"https:\/\/www.comverga.com\/pol\/wp-content\/uploads\/sites\/2\/2020\/11\/technologiekomunikacji-1.jpg\" \/>\n\t<meta property=\"og:image:width\" content=\"1920\" \/>\n\t<meta property=\"og:image:height\" content=\"955\" \/>\n\t<meta property=\"og:image:type\" content=\"image\/jpeg\" \/>\n<meta name=\"twitter:card\" content=\"summary_large_image\" \/>\n<meta name=\"twitter:label1\" content=\"Odhadovan\u00e1 doba \u010dten\u00ed\" \/>\n\t<meta name=\"twitter:data1\" content=\"3 minuty\" \/>\n<script type=\"application\/ld+json\" class=\"yoast-schema-graph\">{\"@context\":\"https:\/\/schema.org\",\"@graph\":[{\"@type\":\"WebPage\",\"@id\":\"https:\/\/www.comverga.com\/pol\/praca\/\",\"url\":\"https:\/\/www.comverga.com\/pol\/praca\/\",\"name\":\"Praca - COMVERGA Poland\",\"isPartOf\":{\"@id\":\"https:\/\/www.comverga.com\/pol\/#website\"},\"datePublished\":\"2021-10-20T15:07:30+00:00\",\"dateModified\":\"2022-01-19T08:37:18+00:00\",\"inLanguage\":\"cs\",\"potentialAction\":[{\"@type\":\"ReadAction\",\"target\":[\"https:\/\/www.comverga.com\/pol\/praca\/\"]}]},{\"@type\":\"WebSite\",\"@id\":\"https:\/\/www.comverga.com\/pol\/#website\",\"url\":\"https:\/\/www.comverga.com\/pol\/\",\"name\":\"COMVERGA Poland\",\"description\":\"Comverga Poland\",\"publisher\":{\"@id\":\"https:\/\/www.comverga.com\/pol\/#organization\"},\"potentialAction\":[{\"@type\":\"SearchAction\",\"target\":{\"@type\":\"EntryPoint\",\"urlTemplate\":\"https:\/\/www.comverga.com\/pol\/?s={search_term_string}\"},\"query-input\":\"required name=search_term_string\"}],\"inLanguage\":\"cs\"},{\"@type\":\"Organization\",\"@id\":\"https:\/\/www.comverga.com\/pol\/#organization\",\"name\":\"COMVERGA Poland\",\"url\":\"https:\/\/www.comverga.com\/pol\/\",\"logo\":{\"@type\":\"ImageObject\",\"inLanguage\":\"cs\",\"@id\":\"https:\/\/www.comverga.com\/pol\/#\/schema\/logo\/image\/\",\"url\":\"https:\/\/www.comverga.com\/pol\/wp-content\/uploads\/sites\/2\/2020\/11\/Comverga_CC.png\",\"contentUrl\":\"https:\/\/www.comverga.com\/pol\/wp-content\/uploads\/sites\/2\/2020\/11\/Comverga_CC.png\",\"width\":800,\"height\":800,\"caption\":\"COMVERGA Poland\"},\"image\":{\"@id\":\"https:\/\/www.comverga.com\/pol\/#\/schema\/logo\/image\/\"}}]}<\/script>\n<!-- \/ Yoast SEO plugin. -->","yoast_head_json":{"title":"Praca - COMVERGA Poland","robots":{"index":"index","follow":"follow","max-snippet":"max-snippet:-1","max-image-preview":"max-image-preview:large","max-video-preview":"max-video-preview:-1"},"canonical":"https:\/\/www.comverga.com\/pol\/cs\/praca\/","og_locale":"cs_CZ","og_type":"article","og_title":"Praca - COMVERGA Poland","og_description":"11\/01\/2022 Key Account Manager \/ miejsce pracy: Warszawa Obecnie poszukujemy nowej osoby do zespo\u0142u, kt\u00f3ra b\u0119dzie odpowiada\u0142a za aktywn\u0105 sprzeda\u017c rozwi\u0105za\u0144 COMVERGA, \u015bcis\u0142\u0105 wsp\u00f3\u0142prac\u0119 z Klientami oraz rozw\u00f3j nowych produkt\u00f3w i kierunk\u00f3w sprzeda\u017cy w Polsce Do obowi\u0105zk\u00f3w osoby zatrudnionej b\u0119dzie nale\u017ca\u0142o: pozyskiwanie nowych Klient\u00f3w do korzystania z rozwi\u0105za\u0144 COMVERGA planowanie i realizacja za\u0142o\u017conych w bud\u017cecie [&hellip;]","og_url":"https:\/\/www.comverga.com\/pol\/cs\/praca\/","og_site_name":"COMVERGA Poland","article_modified_time":"2022-01-19T08:37:18+00:00","og_image":[{"width":1920,"height":955,"url":"https:\/\/www.comverga.com\/pol\/wp-content\/uploads\/sites\/2\/2020\/11\/technologiekomunikacji-1.jpg","type":"image\/jpeg"}],"twitter_card":"summary_large_image","twitter_misc":{"Odhadovan\u00e1 doba \u010dten\u00ed":"3 minuty"},"schema":{"@context":"https:\/\/schema.org","@graph":[{"@type":"WebPage","@id":"https:\/\/www.comverga.com\/pol\/praca\/","url":"https:\/\/www.comverga.com\/pol\/praca\/","name":"Praca - COMVERGA Poland","isPartOf":{"@id":"https:\/\/www.comverga.com\/pol\/#website"},"datePublished":"2021-10-20T15:07:30+00:00","dateModified":"2022-01-19T08:37:18+00:00","inLanguage":"cs","potentialAction":[{"@type":"ReadAction","target":["https:\/\/www.comverga.com\/pol\/praca\/"]}]},{"@type":"WebSite","@id":"https:\/\/www.comverga.com\/pol\/#website","url":"https:\/\/www.comverga.com\/pol\/","name":"COMVERGA Polsko","description":"Comverga Polsko","publisher":{"@id":"https:\/\/www.comverga.com\/pol\/#organization"},"potentialAction":[{"@type":"SearchAction","target":{"@type":"EntryPoint","urlTemplate":"https:\/\/www.comverga.com\/pol\/?s={search_term_string}"},"query-input":"required name=search_term_string"}],"inLanguage":"cs"},{"@type":"Organization","@id":"https:\/\/www.comverga.com\/pol\/#organization","name":"COMVERGA Polsko","url":"https:\/\/www.comverga.com\/pol\/","logo":{"@type":"ImageObject","inLanguage":"cs","@id":"https:\/\/www.comverga.com\/pol\/#\/schema\/logo\/image\/","url":"https:\/\/www.comverga.com\/pol\/wp-content\/uploads\/sites\/2\/2020\/11\/Comverga_CC.png","contentUrl":"https:\/\/www.comverga.com\/pol\/wp-content\/uploads\/sites\/2\/2020\/11\/Comverga_CC.png","width":800,"height":800,"caption":"COMVERGA Poland"},"image":{"@id":"https:\/\/www.comverga.com\/pol\/#\/schema\/logo\/image\/"}}]}},"_links":{"self":[{"href":"https:\/\/www.comverga.com\/pol\/cs\/wp-json\/wp\/v2\/pages\/2107"}],"collection":[{"href":"https:\/\/www.comverga.com\/pol\/cs\/wp-json\/wp\/v2\/pages"}],"about":[{"href":"https:\/\/www.comverga.com\/pol\/cs\/wp-json\/wp\/v2\/types\/page"}],"author":[{"embeddable":true,"href":"https:\/\/www.comverga.com\/pol\/cs\/wp-json\/wp\/v2\/users\/4"}],"replies":[{"embeddable":true,"href":"https:\/\/www.comverga.com\/pol\/cs\/wp-json\/wp\/v2\/comments?post=2107"}],"version-history":[{"count":31,"href":"https:\/\/www.comverga.com\/pol\/cs\/wp-json\/wp\/v2\/pages\/2107\/revisions"}],"predecessor-version":[{"id":2142,"href":"https:\/\/www.comverga.com\/pol\/cs\/wp-json\/wp\/v2\/pages\/2107\/revisions\/2142"}],"wp:featuredmedia":[{"embeddable":true,"href":"https:\/\/www.comverga.com\/pol\/cs\/wp-json\/wp\/v2\/media\/145"}],"wp:attachment":[{"href":"https:\/\/www.comverga.com\/pol\/cs\/wp-json\/wp\/v2\/media?parent=2107"}],"curies":[{"name":"wp","href":"https:\/\/api.w.org\/{rel}","templated":true}]}}